{"id":2603,"date":"2024-04-14T13:34:23","date_gmt":"2024-04-14T11:34:23","guid":{"rendered":"https:\/\/maisoncalifornia.fr\/?page_id=2603"},"modified":"2024-04-14T13:38:50","modified_gmt":"2024-04-14T11:38:50","slug":"portrait-chinois","status":"publish","type":"page","link":"https:\/\/maisoncalifornia.fr\/?page_id=2603","title":{"rendered":"Portrait chinois"},"content":{"rendered":"\n<figure class=\"wp-block-image size-full is-resized\"><img loading=\"lazy\" decoding=\"async\" width=\"3200\" height=\"1800\" src=\"https:\/\/maisoncalifornia.fr\/wp-content\/uploads\/2024\/04\/2-3-edited.png\" alt=\"\" class=\"wp-image-2608\" style=\"width:1450px;height:auto\" srcset=\"https:\/\/maisoncalifornia.fr\/wp-content\/uploads\/2024\/04\/2-3-edited.png 3200w, https:\/\/maisoncalifornia.fr\/wp-content\/uploads\/2024\/04\/2-3-edited-300x169.png 300w, https:\/\/maisoncalifornia.fr\/wp-content\/uploads\/2024\/04\/2-3-edited-1024x576.png 1024w, https:\/\/maisoncalifornia.fr\/wp-content\/uploads\/2024\/04\/2-3-edited-768x432.png 768w, https:\/\/maisoncalifornia.fr\/wp-content\/uploads\/2024\/04\/2-3-edited-1536x864.png 1536w, https:\/\/maisoncalifornia.fr\/wp-content\/uploads\/2024\/04\/2-3-edited-2048x1152.png 2048w, https:\/\/maisoncalifornia.fr\/wp-content\/uploads\/2024\/04\/2-3-edited-107x60.png 107w, https:\/\/maisoncalifornia.fr\/wp-content\/uploads\/2024\/04\/2-3-edited-600x338.png 600w, https:\/\/maisoncalifornia.fr\/wp-content\/uploads\/2024\/04\/2-3-edited-160x90.png 160w\" sizes=\"auto, (max-width: 3200px) 100vw, 3200px\" \/><\/figure>\n\n\n\n<div style=\"height:100px\" aria-hidden=\"true\" class=\"wp-block-spacer\"><\/div>\n\n\n\n<div class=\"wp-block-group is-nowrap is-layout-flex wp-container-core-group-is-layout-ad2f72ca wp-block-group-is-layout-flex\">\n<p class=\"has-text-align-center has-medium-font-size\">Je m&#8217;appelle Sophie et je suis la fondatrice de Maison California, une marque cr\u00e9\u00e9e en 2019 \u00e0 l&#8217;issue de plusieurs voyages en Californie, afin de faire partager mon coup de coeur pour son mode de vie cool et boh\u00e8me.<\/p>\n<\/div>\n\n\n\n<p class=\"has-text-align-center has-medium-font-size\">A l&#8217;aune d&#8217;un d\u00e9m\u00e9nagement sur l&#8217;Ile intense, l&#8217;Ile de la R\u00e9union, j&#8217;ai choisi d&#8217;op\u00e9rer un virage dans ma carri\u00e8re professionnelle et retrouver mes premiers amours, l&#8217;architecture, en me formant \u00e0 la d\u00e9coration et au design d&#8217;espace, dans la continuit\u00e9 de l&#8217;exp\u00e9rience que j&#8217;avais acquise dans le domaine de la construction.<\/p>\n\n\n\n<p class=\"has-text-align-center has-medium-font-size\"><strong>Alors Maison California ?<\/strong> C&#8217;est un studio de d\u00e9coration et de design d&#8217;int\u00e9rieur mais pas que&#8230; c&#8217;est aussi une fa\u00e7on de vivre, un &#8220;lifestyle&#8221;. Insuffler et transmettre des bonnes vibes, pour se sentir bien chez soi !<\/p>\n\n\n\n<div style=\"height:100px\" aria-hidden=\"true\" class=\"wp-block-spacer\"><\/div>\n\n\n\n<p class=\"has-text-align-center has-medium-font-size\"><strong><em>Vous connaissez le portrait chinois en d\u00e9coration ?<\/em><\/strong> J\u2019ai jou\u00e9 le jeu pour vous !<\/p>\n\n\n\n<div style=\"height:100px\" aria-hidden=\"true\" class=\"wp-block-spacer\"><\/div>\n\n\n\n<h2 class=\"wp-block-heading\">Si j\u2019\u00e9tais une couleur\u2026<\/h2>\n\n\n\n<p>Le vert (pour ses multitudes de nuances) &#8211; et un peu le rose aussi \ud83d\ude09<\/p>\n\n\n\n<figure class=\"wp-block-gallery aligncenter has-nested-images columns-default is-cropped wp-block-gallery-1 is-layout-flex wp-block-gallery-is-layout-flex\">\n<figure class=\"wp-block-image size-large\"><img loading=\"lazy\" decoding=\"async\" width=\"600\" height=\"711\" data-id=\"1237\" src=\"https:\/\/maisoncalifornia.fr\/wp-content\/uploads\/2022\/04\/img_2603.jpg\" alt=\"\" class=\"wp-image-1237\" srcset=\"https:\/\/maisoncalifornia.fr\/wp-content\/uploads\/2022\/04\/img_2603.jpg 600w, https:\/\/maisoncalifornia.fr\/wp-content\/uploads\/2022\/04\/img_2603-253x300.jpg 253w, https:\/\/maisoncalifornia.fr\/wp-content\/uploads\/2022\/04\/img_2603-51x60.jpg 51w\" sizes=\"auto, (max-width: 600px) 100vw, 600px\" \/><\/figure>\n\n\n\n<figure class=\"wp-block-image size-large\"><img loading=\"lazy\" decoding=\"async\" width=\"500\" height=\"500\" data-id=\"1253\" src=\"https:\/\/maisoncalifornia.fr\/wp-content\/uploads\/2022\/04\/img_2602.jpg\" alt=\"\" class=\"wp-image-1253\" srcset=\"https:\/\/maisoncalifornia.fr\/wp-content\/uploads\/2022\/04\/img_2602.jpg 500w, https:\/\/maisoncalifornia.fr\/wp-content\/uploads\/2022\/04\/img_2602-300x300.jpg 300w, https:\/\/maisoncalifornia.fr\/wp-content\/uploads\/2022\/04\/img_2602-150x150.jpg 150w, https:\/\/maisoncalifornia.fr\/wp-content\/uploads\/2022\/04\/img_2602-60x60.jpg 60w\" sizes=\"auto, (max-width: 500px) 100vw, 500px\" \/><\/figure>\n<\/figure>\n\n\n\n<div style=\"height:100px\" aria-hidden=\"true\" class=\"wp-block-spacer\"><\/div>\n\n\n\n<h2 class=\"wp-block-heading has-black-color has-text-color\">Si j\u2019\u00e9tais un tissu\u2026<\/h2>\n\n\n\n<p>Le lin ou le chanvre, un tissu \u00e9cologique, pour sa l\u00e9g\u00e8ret\u00e9 et en m\u00eame temps sa robustesse. <\/p>\n\n\n\n<figure class=\"wp-block-gallery aligncenter has-nested-images columns-default is-cropped wp-block-gallery-2 is-layout-flex wp-block-gallery-is-layout-flex\">\n<figure class=\"wp-block-image size-large\"><img loading=\"lazy\" decoding=\"async\" width=\"564\" height=\"847\" data-id=\"1243\" src=\"https:\/\/maisoncalifornia.fr\/wp-content\/uploads\/2022\/04\/img_2609.jpg\" alt=\"\" class=\"wp-image-1243\" srcset=\"https:\/\/maisoncalifornia.fr\/wp-content\/uploads\/2022\/04\/img_2609.jpg 564w, https:\/\/maisoncalifornia.fr\/wp-content\/uploads\/2022\/04\/img_2609-200x300.jpg 200w, https:\/\/maisoncalifornia.fr\/wp-content\/uploads\/2022\/04\/img_2609-40x60.jpg 40w\" sizes=\"auto, (max-width: 564px) 100vw, 564px\" \/><\/figure>\n\n\n\n<figure class=\"wp-block-image size-large\"><img loading=\"lazy\" decoding=\"async\" width=\"267\" height=\"400\" data-id=\"1251\" src=\"https:\/\/maisoncalifornia.fr\/wp-content\/uploads\/2022\/04\/img_2610.jpg\" alt=\"\" class=\"wp-image-1251\" srcset=\"https:\/\/maisoncalifornia.fr\/wp-content\/uploads\/2022\/04\/img_2610.jpg 267w, https:\/\/maisoncalifornia.fr\/wp-content\/uploads\/2022\/04\/img_2610-200x300.jpg 200w, https:\/\/maisoncalifornia.fr\/wp-content\/uploads\/2022\/04\/img_2610-40x60.jpg 40w\" sizes=\"auto, (max-width: 267px) 100vw, 267px\" \/><\/figure>\n<\/figure>\n\n\n\n<div style=\"height:100px\" aria-hidden=\"true\" class=\"wp-block-spacer\"><\/div>\n\n\n\n<h2 class=\"wp-block-heading\">Si j\u2019\u00e9tais un meuble de designer\u2026 <\/h2>\n\n\n\n<p>La table basse \u00ab Liquid \u00bb en bronze de Mathieu Lehanneur, v\u00e9ritable objet d&#8217;art, jeu de mati\u00e8res, de transparence et de reflets, qui me rappelle le clapotis de l\u2019eau. <\/p>\n\n\n\n<figure class=\"wp-block-gallery has-nested-images columns-default is-cropped wp-block-gallery-3 is-layout-flex wp-block-gallery-is-layout-flex\">\n<figure class=\"wp-block-image\"><img loading=\"lazy\" decoding=\"async\" width=\"2000\" height=\"2500\" data-id=\"1234\" src=\"https:\/\/maisoncalifornia.fr\/wp-content\/uploads\/2022\/04\/img_2594.jpg\" alt=\"\" class=\"wp-image-1234\" srcset=\"https:\/\/maisoncalifornia.fr\/wp-content\/uploads\/2022\/04\/img_2594.jpg 2000w, https:\/\/maisoncalifornia.fr\/wp-content\/uploads\/2022\/04\/img_2594-600x750.jpg 600w, https:\/\/maisoncalifornia.fr\/wp-content\/uploads\/2022\/04\/img_2594-240x300.jpg 240w, https:\/\/maisoncalifornia.fr\/wp-content\/uploads\/2022\/04\/img_2594-819x1024.jpg 819w, https:\/\/maisoncalifornia.fr\/wp-content\/uploads\/2022\/04\/img_2594-768x960.jpg 768w, https:\/\/maisoncalifornia.fr\/wp-content\/uploads\/2022\/04\/img_2594-1229x1536.jpg 1229w, https:\/\/maisoncalifornia.fr\/wp-content\/uploads\/2022\/04\/img_2594-1638x2048.jpg 1638w, https:\/\/maisoncalifornia.fr\/wp-content\/uploads\/2022\/04\/img_2594-48x60.jpg 48w\" sizes=\"auto, (max-width: 2000px) 100vw, 2000px\" \/><\/figure>\n\n\n\n<figure class=\"wp-block-image\"><img loading=\"lazy\" decoding=\"async\" width=\"2000\" height=\"2452\" data-id=\"1235\" src=\"https:\/\/maisoncalifornia.fr\/wp-content\/uploads\/2022\/04\/img_2595-1.jpg\" alt=\"\" class=\"wp-image-1235\" srcset=\"https:\/\/maisoncalifornia.fr\/wp-content\/uploads\/2022\/04\/img_2595-1.jpg 2000w, https:\/\/maisoncalifornia.fr\/wp-content\/uploads\/2022\/04\/img_2595-1-600x736.jpg 600w, https:\/\/maisoncalifornia.fr\/wp-content\/uploads\/2022\/04\/img_2595-1-245x300.jpg 245w, https:\/\/maisoncalifornia.fr\/wp-content\/uploads\/2022\/04\/img_2595-1-835x1024.jpg 835w, https:\/\/maisoncalifornia.fr\/wp-content\/uploads\/2022\/04\/img_2595-1-768x942.jpg 768w, https:\/\/maisoncalifornia.fr\/wp-content\/uploads\/2022\/04\/img_2595-1-1253x1536.jpg 1253w, https:\/\/maisoncalifornia.fr\/wp-content\/uploads\/2022\/04\/img_2595-1-1670x2048.jpg 1670w, https:\/\/maisoncalifornia.fr\/wp-content\/uploads\/2022\/04\/img_2595-1-49x60.jpg 49w\" sizes=\"auto, (max-width: 2000px) 100vw, 2000px\" \/><\/figure>\n<\/figure>\n\n\n\n<div style=\"height:100px\" aria-hidden=\"true\" class=\"wp-block-spacer\"><\/div>\n\n\n\n<h2 class=\"wp-block-heading\">Si j\u2019\u00e9tais un art\u2026<\/h2>\n\n\n\n<p>La peinture car j\u2019ai toujours beaucoup aim\u00e9 peindre. <\/p>\n\n\n\n<div style=\"height:100px\" aria-hidden=\"true\" class=\"wp-block-spacer\"><\/div>\n\n\n\n<h2 class=\"wp-block-heading\">Si j\u2019\u00e9tais un monument architectural\u2026<\/h2>\n\n\n\n<p>La Villa de l\u2019architecte et d\u00e9coratrice Eileen Gray E1027, class\u00e9e aux Monuments historiques en 2000, et son site fabuleux sur la mer \u00e0 Roquebrune Cap Martin, orn\u00e9e des fresques de Le Corbusier.<\/p>\n\n\n\n<figure class=\"wp-block-gallery has-nested-images columns-default is-cropped wp-block-gallery-4 is-layout-flex wp-block-gallery-is-layout-flex\">\n<figure class=\"wp-block-image\"><img loading=\"lazy\" decoding=\"async\" width=\"1300\" height=\"975\" data-id=\"1233\" src=\"https:\/\/maisoncalifornia.fr\/wp-content\/uploads\/2022\/04\/img_2599.jpg\" alt=\"\" class=\"wp-image-1233\" srcset=\"https:\/\/maisoncalifornia.fr\/wp-content\/uploads\/2022\/04\/img_2599.jpg 1300w, https:\/\/maisoncalifornia.fr\/wp-content\/uploads\/2022\/04\/img_2599-600x450.jpg 600w, https:\/\/maisoncalifornia.fr\/wp-content\/uploads\/2022\/04\/img_2599-300x225.jpg 300w, https:\/\/maisoncalifornia.fr\/wp-content\/uploads\/2022\/04\/img_2599-1024x768.jpg 1024w, https:\/\/maisoncalifornia.fr\/wp-content\/uploads\/2022\/04\/img_2599-768x576.jpg 768w, https:\/\/maisoncalifornia.fr\/wp-content\/uploads\/2022\/04\/img_2599-80x60.jpg 80w\" sizes=\"auto, (max-width: 1300px) 100vw, 1300px\" \/><\/figure>\n\n\n\n<figure class=\"wp-block-image\"><img loading=\"lazy\" decoding=\"async\" width=\"800\" height=\"534\" data-id=\"1231\" src=\"https:\/\/maisoncalifornia.fr\/wp-content\/uploads\/2022\/04\/img_2600.jpg\" alt=\"\" class=\"wp-image-1231\" srcset=\"https:\/\/maisoncalifornia.fr\/wp-content\/uploads\/2022\/04\/img_2600.jpg 800w, https:\/\/maisoncalifornia.fr\/wp-content\/uploads\/2022\/04\/img_2600-600x401.jpg 600w, https:\/\/maisoncalifornia.fr\/wp-content\/uploads\/2022\/04\/img_2600-300x200.jpg 300w, https:\/\/maisoncalifornia.fr\/wp-content\/uploads\/2022\/04\/img_2600-768x513.jpg 768w, https:\/\/maisoncalifornia.fr\/wp-content\/uploads\/2022\/04\/img_2600-90x60.jpg 90w\" sizes=\"auto, (max-width: 800px) 100vw, 800px\" \/><\/figure>\n<\/figure>\n\n\n\n<div style=\"height:100px\" aria-hidden=\"true\" class=\"wp-block-spacer\"><\/div>\n\n\n\n<h2 class=\"wp-block-heading\">Si j\u2019\u00e9tais un objet\u2026<\/h2>\n\n\n\n<p>L\u2019oiseau de Charles &amp; Ray Eames, synonyme de libert\u00e9, qui semble s\u2019\u00eatre pos\u00e9 sur ses fines pattes, entre deux longs voyages.<\/p>\n\n\n<div class=\"wp-block-image\">\n<figure class=\"aligncenter size-large\"><img loading=\"lazy\" decoding=\"async\" width=\"1024\" height=\"511\" src=\"https:\/\/maisoncalifornia.fr\/wp-content\/uploads\/2022\/04\/img_2601-1024x511.png\" alt=\"\" class=\"wp-image-1236\" srcset=\"https:\/\/maisoncalifornia.fr\/wp-content\/uploads\/2022\/04\/img_2601-1024x511.png 1024w, https:\/\/maisoncalifornia.fr\/wp-content\/uploads\/2022\/04\/img_2601-600x299.png 600w, https:\/\/maisoncalifornia.fr\/wp-content\/uploads\/2022\/04\/img_2601-300x150.png 300w, https:\/\/maisoncalifornia.fr\/wp-content\/uploads\/2022\/04\/img_2601-768x383.png 768w, https:\/\/maisoncalifornia.fr\/wp-content\/uploads\/2022\/04\/img_2601-120x60.png 120w, https:\/\/maisoncalifornia.fr\/wp-content\/uploads\/2022\/04\/img_2601.png 1438w\" sizes=\"auto, (max-width: 1024px) 100vw, 1024px\" \/><\/figure><\/div>\n\n\n<div style=\"height:100px\" aria-hidden=\"true\" class=\"wp-block-spacer\"><\/div>\n\n\n\n<h2 class=\"wp-block-heading\">Si j\u2019\u00e9tais une ambiance\u2026<\/h2>\n\n\n\n<p>Le style Californien, boh\u00e8me chic bien s\u00fbr ! M\u00eame si j\u2019avoue que le style Japandi me s\u00e9duit \u00e9norm\u00e9ment pour son \u00e9pure et ses couleurs inspir\u00e9es de la terre. <\/p>\n\n\n\n<figure class=\"wp-block-gallery has-nested-images columns-default is-cropped wp-block-gallery-5 is-layout-flex wp-block-gallery-is-layout-flex\">\n<figure class=\"wp-block-image size-large\"><img loading=\"lazy\" decoding=\"async\" width=\"750\" height=\"937\" data-id=\"1239\" src=\"https:\/\/maisoncalifornia.fr\/wp-content\/uploads\/2022\/04\/img_2605.jpg\" alt=\"\" class=\"wp-image-1239\" srcset=\"https:\/\/maisoncalifornia.fr\/wp-content\/uploads\/2022\/04\/img_2605.jpg 750w, https:\/\/maisoncalifornia.fr\/wp-content\/uploads\/2022\/04\/img_2605-600x750.jpg 600w, https:\/\/maisoncalifornia.fr\/wp-content\/uploads\/2022\/04\/img_2605-240x300.jpg 240w, https:\/\/maisoncalifornia.fr\/wp-content\/uploads\/2022\/04\/img_2605-48x60.jpg 48w\" sizes=\"auto, (max-width: 750px) 100vw, 750px\" \/><\/figure>\n\n\n\n<figure class=\"wp-block-image\"><img loading=\"lazy\" decoding=\"async\" width=\"750\" height=\"1125\" data-id=\"1241\" src=\"https:\/\/maisoncalifornia.fr\/wp-content\/uploads\/2022\/04\/img_2606.jpg\" alt=\"\" class=\"wp-image-1241\" srcset=\"https:\/\/maisoncalifornia.fr\/wp-content\/uploads\/2022\/04\/img_2606.jpg 750w, https:\/\/maisoncalifornia.fr\/wp-content\/uploads\/2022\/04\/img_2606-600x900.jpg 600w, https:\/\/maisoncalifornia.fr\/wp-content\/uploads\/2022\/04\/img_2606-200x300.jpg 200w, https:\/\/maisoncalifornia.fr\/wp-content\/uploads\/2022\/04\/img_2606-683x1024.jpg 683w, https:\/\/maisoncalifornia.fr\/wp-content\/uploads\/2022\/04\/img_2606-40x60.jpg 40w\" sizes=\"auto, (max-width: 750px) 100vw, 750px\" \/><\/figure>\n<\/figure>\n\n\n\n<div style=\"height:100px\" aria-hidden=\"true\" class=\"wp-block-spacer\"><\/div>\n\n\n\n<p>\u00c0 vous de jouer maintenant ! <\/p>\n\n\n\n<p>N\u2019h\u00e9sitez pas \u00e0 me laisser vos r\u00e9ponses en commentaires \ud83d\ude09<\/p>\n","protected":false},"excerpt":{"rendered":"<p>Je m&#8217;appelle Sophie et je suis la fondatrice de Maison California, une marque cr\u00e9\u00e9e en 2019 \u00e0 l&#8217;issue de plusieurs voyages en Californie, afin de faire partager mon coup de coeur pour son mode de vie cool et boh\u00e8me. A l&#8217;aune d&#8217;un d\u00e9m\u00e9nagement sur l&#8217;Ile intense, l&#8217;Ile de la R\u00e9union, j&#8217;ai choisi d&#8217;op\u00e9rer un virage dans ma carri\u00e8re professionnelle et retrouver mes premiers amours, l&#8217;architecture, &hellip; <\/p>\n","protected":false},"author":1,"featured_media":0,"parent":0,"menu_order":0,"comment_status":"closed","ping_status":"closed","template":"","meta":{"jetpack_post_was_ever_published":false,"footnotes":""},"class_list":["post-2603","page","type-page","status-publish","hentry","latest_post"],"jetpack_sharing_enabled":true,"jetpack_shortlink":"https:\/\/wp.me\/PaWNfV-FZ","_links":{"self":[{"href":"https:\/\/maisoncalifornia.fr\/index.php?rest_route=\/wp\/v2\/pages\/2603","targetHints":{"allow":["GET"]}}],"collection":[{"href":"https:\/\/maisoncalifornia.fr\/index.php?rest_route=\/wp\/v2\/pages"}],"about":[{"href":"https:\/\/maisoncalifornia.fr\/index.php?rest_route=\/wp\/v2\/types\/page"}],"author":[{"embeddable":true,"href":"https:\/\/maisoncalifornia.fr\/index.php?rest_route=\/wp\/v2\/users\/1"}],"replies":[{"embeddable":true,"href":"https:\/\/maisoncalifornia.fr\/index.php?rest_route=%2Fwp%2Fv2%2Fcomments&post=2603"}],"version-history":[{"count":3,"href":"https:\/\/maisoncalifornia.fr\/index.php?rest_route=\/wp\/v2\/pages\/2603\/revisions"}],"predecessor-version":[{"id":2611,"href":"https:\/\/maisoncalifornia.fr\/index.php?rest_route=\/wp\/v2\/pages\/2603\/revisions\/2611"}],"wp:attachment":[{"href":"https:\/\/maisoncalifornia.fr\/index.php?rest_route=%2Fwp%2Fv2%2Fmedia&parent=2603"}],"curies":[{"name":"wp","href":"https:\/\/api.w.org\/{rel}","templated":true}]}}